{"id":115674,"date":"2026-04-27T14:57:44","date_gmt":"2026-04-27T12:57:44","guid":{"rendered":"https:\/\/www.lespetitesfamilles.fr\/lyon6\/?page_id=115674"},"modified":"2026-04-27T15:45:02","modified_gmt":"2026-04-27T13:45:02","slug":"la-colo-des-aventuriers-public","status":"publish","type":"page","link":"https:\/\/www.lespetitesfamilles.fr\/lyon6\/la-colo-des-aventuriers-public\/","title":{"rendered":"La Colo des Aventuriers &#8211; Public"},"content":{"rendered":"\t\t<div data-elementor-type=\"wp-page\" data-elementor-id=\"115674\" class=\"elementor elementor-115674\" data-elementor-post-type=\"page\">\n\t\t\t\t\t\t<section class=\"elementor-section elementor-top-section elementor-element elementor-element-626700b2 elementor-section-full_width elementor-section-stretched elementor-section-height-default elementor-section-height-default\" data-id=\"626700b2\" data-element_type=\"section\" data-settings=\"{&quot;stretch_section&quot;:&quot;section-stretched&quot;,&quot;background_background&quot;:&quot;classic&quot;}\">\n\t\t\t\t\t\t<div class=\"elementor-container elementor-column-gap-default\">\n\t\t\t\t\t<div class=\"elementor-column elementor-col-100 elementor-top-column elementor-element elementor-element-369cccd\" data-id=\"369cccd\" data-element_type=\"column\">\n\t\t\t<div class=\"elementor-widget-wrap elementor-element-populated\">\n\t\t\t\t\t\t<section class=\"elementor-section elementor-inner-section elementor-element elementor-element-34881140 elementor-section-boxed elementor-section-height-default elementor-section-height-default\" data-id=\"34881140\" data-element_type=\"section\">\n\t\t\t\t\t\t<div class=\"elementor-container elementor-column-gap-default\">\n\t\t\t\t\t<div class=\"elementor-column elementor-col-50 elementor-inner-column elementor-element elementor-element-7f74d37e\" data-id=\"7f74d37e\" data-element_type=\"column\">\n\t\t\t<div class=\"elementor-widget-wrap elementor-element-populated\">\n\t\t\t\t\t\t<div class=\"elementor-element elementor-element-1cc6aeec elementor-widget elementor-widget-image\" data-id=\"1cc6aeec\" data-element_type=\"widget\" data-widget_type=\"image.default\">\n\t\t\t\t<div class=\"elementor-widget-container\">\n\t\t\t\t\t\t\t\t\t\t\t\t\t\t\t<img fetchpriority=\"high\" decoding=\"async\" width=\"819\" height=\"1024\" src=\"https:\/\/www.lespetitesfamilles.fr\/lyon6\/wp-content\/uploads\/sites\/5\/2026\/04\/LPF-Photo-Colo-819x1024.jpg\" class=\"attachment-large size-large wp-image-115639\" alt=\"\" srcset=\"https:\/\/www.lespetitesfamilles.fr\/lyon6\/wp-content\/uploads\/sites\/5\/2026\/04\/LPF-Photo-Colo-819x1024.jpg 819w, https:\/\/www.lespetitesfamilles.fr\/lyon6\/wp-content\/uploads\/sites\/5\/2026\/04\/LPF-Photo-Colo-240x300.jpg 240w, https:\/\/www.lespetitesfamilles.fr\/lyon6\/wp-content\/uploads\/sites\/5\/2026\/04\/LPF-Photo-Colo-768x960.jpg 768w, https:\/\/www.lespetitesfamilles.fr\/lyon6\/wp-content\/uploads\/sites\/5\/2026\/04\/LPF-Photo-Colo-640x800.jpg 640w, https:\/\/www.lespetitesfamilles.fr\/lyon6\/wp-content\/uploads\/sites\/5\/2026\/04\/LPF-Photo-Colo-350x438.jpg 350w, https:\/\/www.lespetitesfamilles.fr\/lyon6\/wp-content\/uploads\/sites\/5\/2026\/04\/LPF-Photo-Colo-600x750.jpg 600w, https:\/\/www.lespetitesfamilles.fr\/lyon6\/wp-content\/uploads\/sites\/5\/2026\/04\/LPF-Photo-Colo.jpg 1080w\" sizes=\"(max-width: 819px) 100vw, 819px\" \/>\t\t\t\t\t\t\t\t\t\t\t\t\t\t\t<\/div>\n\t\t\t\t<\/div>\n\t\t\t\t\t<\/div>\n\t\t<\/div>\n\t\t\t\t<div class=\"elementor-column elementor-col-50 elementor-inner-column elementor-element elementor-element-5e18b6cb\" data-id=\"5e18b6cb\" data-element_type=\"column\">\n\t\t\t<div class=\"elementor-widget-wrap elementor-element-populated\">\n\t\t\t\t\t\t<div class=\"elementor-element elementor-element-7ff3e290 elementor-widget elementor-widget-heading\" data-id=\"7ff3e290\" data-element_type=\"widget\" data-widget_type=\"heading.default\">\n\t\t\t\t<div class=\"elementor-widget-container\">\n\t\t\t\t\t<h2 class=\"elementor-heading-title elementor-size-default\">La Colo des Aventuriers<\/h2>\t\t\t\t<\/div>\n\t\t\t\t<\/div>\n\t\t\t\t<div class=\"elementor-element elementor-element-7b58c283 elementor-widget elementor-widget-image\" data-id=\"7b58c283\" data-element_type=\"widget\" data-widget_type=\"image.default\">\n\t\t\t\t<div class=\"elementor-widget-container\">\n\t\t\t\t\t\t\t\t\t\t\t\t\t\t\t<img decoding=\"async\" width=\"418\" height=\"78\" src=\"https:\/\/www.lespetitesfamilles.fr\/lyon6\/wp-content\/uploads\/sites\/5\/2026\/04\/trait-vert.png\" class=\"attachment-large size-large wp-image-115640\" alt=\"\" srcset=\"https:\/\/www.lespetitesfamilles.fr\/lyon6\/wp-content\/uploads\/sites\/5\/2026\/04\/trait-vert.png 418w, https:\/\/www.lespetitesfamilles.fr\/lyon6\/wp-content\/uploads\/sites\/5\/2026\/04\/trait-vert-300x56.png 300w, https:\/\/www.lespetitesfamilles.fr\/lyon6\/wp-content\/uploads\/sites\/5\/2026\/04\/trait-vert-350x65.png 350w\" sizes=\"(max-width: 418px) 100vw, 418px\" \/>\t\t\t\t\t\t\t\t\t\t\t\t\t\t\t<\/div>\n\t\t\t\t<\/div>\n\t\t\t\t<div class=\"elementor-element elementor-element-5b3e08e3 elementor-widget elementor-widget-text-editor\" data-id=\"5b3e08e3\" data-element_type=\"widget\" data-widget_type=\"text-editor.default\">\n\t\t\t\t<div class=\"elementor-widget-container\">\n\t\t\t\t\t\t\t\t\t<p data-start=\"831\" data-end=\"1150\"><strong data-start=\"1869\" data-end=\"1952\">3 jours, 2 nuits pour vivre sa premi\u00e8re colonie de vacances en toute confiance.<\/strong><\/p><p data-start=\"1055\" data-end=\"1334\"><strong>Du 15 au 17 juillet, les GS et \u00e9l\u00e9mentaires partent \u00e0 l\u2019Or\u00e9e du Bois<\/strong> pour une aventure in\u00e9dite, imagin\u00e9e dans un format mini-colo s\u00e9curisant, chaleureux et parfaitement adapt\u00e9 \u00e0 leur \u00e2ge.<\/p><p data-start=\"831\" data-end=\"1150\">Pens\u00e9e comme le grand temps fort de notre programme d\u2019\u00e9t\u00e9, La Colo des Aventuriers offre aux enfants une vraie parenth\u00e8se d\u2019\u00e9vasion : dormir sur place, vivre des aventures en groupe, partager des grands jeux, gagner en autonomie et cr\u00e9er des souvenirs forts, le tout encadr\u00e9 par les \u00e9quipes de Les Petites Familles.<\/p>\t\t\t\t\t\t\t\t<\/div>\n\t\t\t\t<\/div>\n\t\t\t\t<div class=\"elementor-element elementor-element-1f05dd0 elementor-widget elementor-widget-spacer\" data-id=\"1f05dd0\" data-element_type=\"widget\" data-widget_type=\"spacer.default\">\n\t\t\t\t<div class=\"elementor-widget-container\">\n\t\t\t\t\t\t\t<div class=\"elementor-spacer\">\n\t\t\t<div class=\"elementor-spacer-inner\"><\/div>\n\t\t<\/div>\n\t\t\t\t\t\t<\/div>\n\t\t\t\t<\/div>\n\t\t\t\t<div class=\"elementor-element elementor-element-8af3ce9 elementor-align-left elementor-mobile-align-left elementor-widget__width-initial elementor-widget elementor-widget-button\" data-id=\"8af3ce9\" data-element_type=\"widget\" data-widget_type=\"button.default\">\n\t\t\t\t<div class=\"elementor-widget-container\">\n\t\t\t\t\t\t\t\t\t<div class=\"elementor-button-wrapper\">\n\t\t\t\t\t<a class=\"elementor-button elementor-button-link elementor-size-sm\" href=\"#bloc4\">\n\t\t\t\t\t\t<span class=\"elementor-button-content-wrapper\">\n\t\t\t\t\t\t<span class=\"elementor-button-icon\">\n\t\t\t\t<i aria-hidden=\"true\" class=\"fas fa-chevron-right\"><\/i>\t\t\t<\/span>\n\t\t\t\t\t\t\t\t\t<span class=\"elementor-button-text\">R\u00e9servez le s\u00e9jour de votre enfant<\/span>\n\t\t\t\t\t<\/span>\n\t\t\t\t\t<\/a>\n\t\t\t\t<\/div>\n\t\t\t\t\t\t\t\t<\/div>\n\t\t\t\t<\/div>\n\t\t\t\t\t<\/div>\n\t\t<\/div>\n\t\t\t\t\t<\/div>\n\t\t<\/section>\n\t\t\t\t\t<\/div>\n\t\t<\/div>\n\t\t\t\t\t<\/div>\n\t\t<\/section>\n\t\t\t\t<section class=\"elementor-section elementor-top-section elementor-element elementor-element-3833de8e elementor-section-full_width elementor-section-stretched elementor-section-height-default elementor-section-height-default\" data-id=\"3833de8e\" data-element_type=\"section\" data-settings=\"{&quot;stretch_section&quot;:&quot;section-stretched&quot;,&quot;background_background&quot;:&quot;classic&quot;}\">\n\t\t\t\t\t\t<div class=\"elementor-container elementor-column-gap-default\">\n\t\t\t\t\t<div class=\"elementor-column elementor-col-100 elementor-top-column elementor-element elementor-element-90074eb\" data-id=\"90074eb\" data-element_type=\"column\">\n\t\t\t<div class=\"elementor-widget-wrap elementor-element-populated\">\n\t\t\t\t\t\t<div class=\"elementor-element elementor-element-5382d296 elementor-widget elementor-widget-spacer\" data-id=\"5382d296\" data-element_type=\"widget\" data-widget_type=\"spacer.default\">\n\t\t\t\t<div class=\"elementor-widget-container\">\n\t\t\t\t\t\t\t<div class=\"elementor-spacer\">\n\t\t\t<div class=\"elementor-spacer-inner\"><\/div>\n\t\t<\/div>\n\t\t\t\t\t\t<\/div>\n\t\t\t\t<\/div>\n\t\t\t\t<section class=\"elementor-section elementor-inner-section elementor-element elementor-element-735e5328 elementor-section-boxed elementor-section-height-default elementor-section-height-default\" data-id=\"735e5328\" data-element_type=\"section\" data-settings=\"{&quot;background_background&quot;:&quot;classic&quot;}\">\n\t\t\t\t\t\t<div class=\"elementor-container elementor-column-gap-default\">\n\t\t\t\t\t<div class=\"elementor-column elementor-col-100 elementor-inner-column elementor-element elementor-element-1048cabc\" data-id=\"1048cabc\" data-element_type=\"column\" data-settings=\"{&quot;background_background&quot;:&quot;classic&quot;}\">\n\t\t\t<div class=\"elementor-widget-wrap elementor-element-populated\">\n\t\t\t\t\t\t<div class=\"elementor-element elementor-element-c7b2ca5 elementor-widget elementor-widget-heading\" data-id=\"c7b2ca5\" data-element_type=\"widget\" data-widget_type=\"heading.default\">\n\t\t\t\t<div class=\"elementor-widget-container\">\n\t\t\t\t\t<h2 class=\"elementor-heading-title elementor-size-default\">Le s\u00e9jour en un coup d'oeil<\/h2>\t\t\t\t<\/div>\n\t\t\t\t<\/div>\n\t\t\t\t<div class=\"elementor-element elementor-element-4a5a991a elementor-widget elementor-widget-image\" data-id=\"4a5a991a\" data-element_type=\"widget\" data-widget_type=\"image.default\">\n\t\t\t\t<div class=\"elementor-widget-container\">\n\t\t\t\t\t\t\t\t\t\t\t\t\t\t\t<img decoding=\"async\" width=\"418\" height=\"78\" src=\"https:\/\/www.lespetitesfamilles.fr\/lyon6\/wp-content\/uploads\/sites\/5\/2026\/04\/trait-jaune.png\" class=\"attachment-large size-large wp-image-115641\" alt=\"\" srcset=\"https:\/\/www.lespetitesfamilles.fr\/lyon6\/wp-content\/uploads\/sites\/5\/2026\/04\/trait-jaune.png 418w, https:\/\/www.lespetitesfamilles.fr\/lyon6\/wp-content\/uploads\/sites\/5\/2026\/04\/trait-jaune-300x56.png 300w, https:\/\/www.lespetitesfamilles.fr\/lyon6\/wp-content\/uploads\/sites\/5\/2026\/04\/trait-jaune-350x65.png 350w\" sizes=\"(max-width: 418px) 100vw, 418px\" \/>\t\t\t\t\t\t\t\t\t\t\t\t\t\t\t<\/div>\n\t\t\t\t<\/div>\n\t\t\t\t<div class=\"elementor-element elementor-element-419ca37b elementor-widget elementor-widget-text-editor\" data-id=\"419ca37b\" data-element_type=\"widget\" data-widget_type=\"text-editor.default\">\n\t\t\t\t<div class=\"elementor-widget-container\">\n\t\t\t\t\t\t\t\t\t<p>Pendant 3 jours, les enfants vivent bien plus qu\u2019une simple sortie : ils partagent une vraie exp\u00e9rience collective, rythm\u00e9e par les temps forts d\u2019une colo pens\u00e9e pour leur \u00e2ge.<\/p><p data-start=\"2679\" data-end=\"2859\"><strong>\u00a0Jour 1 &#8211; Le d\u00e9part vers l\u2019aventure<\/strong><br \/>Installation, d\u00e9couverte du lieu, premiers rep\u00e8res, grands jeux, esprit d\u2019\u00e9quipe et excitation des premi\u00e8res heures : tout commence par l\u2019entr\u00e9e dans l\u2019univers de La colo des aventuriers.<\/p><p data-section-id=\"kc9s5y\" data-start=\"3093\" data-end=\"3103\"><strong>Jour 2 &#8211; Une journ\u00e9e au c\u0153ur de l\u2019exp\u00e9rience<\/strong><br \/>Place aux activit\u00e9s, aux d\u00e9fis, aux explorations, aux rires partag\u00e9s et aux souvenirs qui se cr\u00e9ent ensemble. C\u2019est le temps fort du s\u00e9jour, celui o\u00f9 l\u2019aventure prend toute son ampleur.<\/p><p data-section-id=\"kc9s5z\" data-start=\"3333\" data-end=\"3343\"><strong>Jour 3 &#8211; La derni\u00e8re \u00e9tape avant le retour<\/strong><br \/>Encore un peu de magie, des temps partag\u00e9s jusqu\u2019au bout, puis le retour avec des histoires \u00e0 raconter, une fiert\u00e9 nouvelle et l\u2019impression d\u2019avoir v\u00e9cu quelque chose de vraiment \u00e0 part.<\/p>\t\t\t\t\t\t\t\t<\/div>\n\t\t\t\t<\/div>\n\t\t\t\t\t<\/div>\n\t\t<\/div>\n\t\t\t\t\t<\/div>\n\t\t<\/section>\n\t\t\t\t<section class=\"elementor-section elementor-inner-section elementor-element elementor-element-28a8dbe9 elementor-section-boxed elementor-section-height-default elementor-section-height-default\" data-id=\"28a8dbe9\" data-element_type=\"section\" data-settings=\"{&quot;background_background&quot;:&quot;classic&quot;}\">\n\t\t\t\t\t\t<div class=\"elementor-container elementor-column-gap-default\">\n\t\t\t\t\t<div class=\"elementor-column elementor-col-33 elementor-inner-column elementor-element elementor-element-46d3051b\" data-id=\"46d3051b\" data-element_type=\"column\" data-settings=\"{&quot;background_background&quot;:&quot;classic&quot;}\">\n\t\t\t<div class=\"elementor-widget-wrap elementor-element-populated\">\n\t\t\t\t\t\t<div class=\"elementor-element elementor-element-1ea4a829 elementor-widget elementor-widget-image\" data-id=\"1ea4a829\" data-element_type=\"widget\" data-widget_type=\"image.default\">\n\t\t\t\t<div class=\"elementor-widget-container\">\n\t\t\t\t\t\t\t\t\t\t\t\t\t\t\t<img loading=\"lazy\" decoding=\"async\" width=\"840\" height=\"840\" src=\"https:\/\/www.lespetitesfamilles.fr\/lyon6\/wp-content\/uploads\/sites\/5\/2026\/04\/quand-1024x1024.png\" class=\"attachment-large size-large wp-image-115642\" alt=\"\" srcset=\"https:\/\/www.lespetitesfamilles.fr\/lyon6\/wp-content\/uploads\/sites\/5\/2026\/04\/quand-1024x1024.png 1024w, https:\/\/www.lespetitesfamilles.fr\/lyon6\/wp-content\/uploads\/sites\/5\/2026\/04\/quand-300x300.png 300w, https:\/\/www.lespetitesfamilles.fr\/lyon6\/wp-content\/uploads\/sites\/5\/2026\/04\/quand-150x150.png 150w, https:\/\/www.lespetitesfamilles.fr\/lyon6\/wp-content\/uploads\/sites\/5\/2026\/04\/quand-768x768.png 768w, https:\/\/www.lespetitesfamilles.fr\/lyon6\/wp-content\/uploads\/sites\/5\/2026\/04\/quand-800x800.png 800w, https:\/\/www.lespetitesfamilles.fr\/lyon6\/wp-content\/uploads\/sites\/5\/2026\/04\/quand-350x350.png 350w, https:\/\/www.lespetitesfamilles.fr\/lyon6\/wp-content\/uploads\/sites\/5\/2026\/04\/quand-348x348.png 348w, https:\/\/www.lespetitesfamilles.fr\/lyon6\/wp-content\/uploads\/sites\/5\/2026\/04\/quand-600x600.png 600w, https:\/\/www.lespetitesfamilles.fr\/lyon6\/wp-content\/uploads\/sites\/5\/2026\/04\/quand-100x100.png 100w, https:\/\/www.lespetitesfamilles.fr\/lyon6\/wp-content\/uploads\/sites\/5\/2026\/04\/quand.png 1080w\" sizes=\"(max-width: 840px) 100vw, 840px\" \/>\t\t\t\t\t\t\t\t\t\t\t\t\t\t\t<\/div>\n\t\t\t\t<\/div>\n\t\t\t\t\t<\/div>\n\t\t<\/div>\n\t\t\t\t<div class=\"elementor-column elementor-col-33 elementor-inner-column elementor-element elementor-element-23f3eefb\" data-id=\"23f3eefb\" data-element_type=\"column\" data-settings=\"{&quot;background_background&quot;:&quot;classic&quot;}\">\n\t\t\t<div class=\"elementor-widget-wrap elementor-element-populated\">\n\t\t\t\t\t\t<div class=\"elementor-element elementor-element-5be96885 elementor-widget elementor-widget-image\" data-id=\"5be96885\" data-element_type=\"widget\" data-widget_type=\"image.default\">\n\t\t\t\t<div class=\"elementor-widget-container\">\n\t\t\t\t\t\t\t\t\t\t\t\t\t\t\t<img loading=\"lazy\" decoding=\"async\" width=\"840\" height=\"840\" src=\"https:\/\/www.lespetitesfamilles.fr\/lyon6\/wp-content\/uploads\/sites\/5\/2026\/04\/ou-1024x1024.png\" class=\"attachment-large size-large wp-image-115643\" alt=\"\" srcset=\"https:\/\/www.lespetitesfamilles.fr\/lyon6\/wp-content\/uploads\/sites\/5\/2026\/04\/ou-1024x1024.png 1024w, https:\/\/www.lespetitesfamilles.fr\/lyon6\/wp-content\/uploads\/sites\/5\/2026\/04\/ou-300x300.png 300w, https:\/\/www.lespetitesfamilles.fr\/lyon6\/wp-content\/uploads\/sites\/5\/2026\/04\/ou-150x150.png 150w, https:\/\/www.lespetitesfamilles.fr\/lyon6\/wp-content\/uploads\/sites\/5\/2026\/04\/ou-768x768.png 768w, https:\/\/www.lespetitesfamilles.fr\/lyon6\/wp-content\/uploads\/sites\/5\/2026\/04\/ou-800x800.png 800w, https:\/\/www.lespetitesfamilles.fr\/lyon6\/wp-content\/uploads\/sites\/5\/2026\/04\/ou-350x350.png 350w, https:\/\/www.lespetitesfamilles.fr\/lyon6\/wp-content\/uploads\/sites\/5\/2026\/04\/ou-348x348.png 348w, https:\/\/www.lespetitesfamilles.fr\/lyon6\/wp-content\/uploads\/sites\/5\/2026\/04\/ou-600x600.png 600w, https:\/\/www.lespetitesfamilles.fr\/lyon6\/wp-content\/uploads\/sites\/5\/2026\/04\/ou-100x100.png 100w, https:\/\/www.lespetitesfamilles.fr\/lyon6\/wp-content\/uploads\/sites\/5\/2026\/04\/ou.png 1080w\" sizes=\"(max-width: 840px) 100vw, 840px\" \/>\t\t\t\t\t\t\t\t\t\t\t\t\t\t\t<\/div>\n\t\t\t\t<\/div>\n\t\t\t\t\t<\/div>\n\t\t<\/div>\n\t\t\t\t<div class=\"elementor-column elementor-col-33 elementor-inner-column elementor-element elementor-element-a45865e\" data-id=\"a45865e\" data-element_type=\"column\" data-settings=\"{&quot;background_background&quot;:&quot;classic&quot;}\">\n\t\t\t<div class=\"elementor-widget-wrap elementor-element-populated\">\n\t\t\t\t\t\t<div class=\"elementor-element elementor-element-3ae79c5e elementor-widget elementor-widget-image\" data-id=\"3ae79c5e\" data-element_type=\"widget\" data-widget_type=\"image.default\">\n\t\t\t\t<div class=\"elementor-widget-container\">\n\t\t\t\t\t\t\t\t\t\t\t\t\t\t\t<img loading=\"lazy\" decoding=\"async\" width=\"840\" height=\"840\" src=\"https:\/\/www.lespetitesfamilles.fr\/lyon6\/wp-content\/uploads\/sites\/5\/2026\/04\/qui-1024x1024.png\" class=\"attachment-large size-large wp-image-115644\" alt=\"\" srcset=\"https:\/\/www.lespetitesfamilles.fr\/lyon6\/wp-content\/uploads\/sites\/5\/2026\/04\/qui-1024x1024.png 1024w, https:\/\/www.lespetitesfamilles.fr\/lyon6\/wp-content\/uploads\/sites\/5\/2026\/04\/qui-300x300.png 300w, https:\/\/www.lespetitesfamilles.fr\/lyon6\/wp-content\/uploads\/sites\/5\/2026\/04\/qui-150x150.png 150w, https:\/\/www.lespetitesfamilles.fr\/lyon6\/wp-content\/uploads\/sites\/5\/2026\/04\/qui-768x768.png 768w, https:\/\/www.lespetitesfamilles.fr\/lyon6\/wp-content\/uploads\/sites\/5\/2026\/04\/qui-800x800.png 800w, https:\/\/www.lespetitesfamilles.fr\/lyon6\/wp-content\/uploads\/sites\/5\/2026\/04\/qui-350x350.png 350w, https:\/\/www.lespetitesfamilles.fr\/lyon6\/wp-content\/uploads\/sites\/5\/2026\/04\/qui-348x348.png 348w, https:\/\/www.lespetitesfamilles.fr\/lyon6\/wp-content\/uploads\/sites\/5\/2026\/04\/qui-600x600.png 600w, https:\/\/www.lespetitesfamilles.fr\/lyon6\/wp-content\/uploads\/sites\/5\/2026\/04\/qui-100x100.png 100w, https:\/\/www.lespetitesfamilles.fr\/lyon6\/wp-content\/uploads\/sites\/5\/2026\/04\/qui.png 1080w\" sizes=\"(max-width: 840px) 100vw, 840px\" \/>\t\t\t\t\t\t\t\t\t\t\t\t\t\t\t<\/div>\n\t\t\t\t<\/div>\n\t\t\t\t\t<\/div>\n\t\t<\/div>\n\t\t\t\t\t<\/div>\n\t\t<\/section>\n\t\t\t\t<section class=\"elementor-section elementor-inner-section elementor-element elementor-element-49bb62ba elementor-section-boxed elementor-section-height-default elementor-section-height-default\" data-id=\"49bb62ba\" data-element_type=\"section\" data-settings=\"{&quot;background_background&quot;:&quot;classic&quot;}\">\n\t\t\t\t\t\t<div class=\"elementor-container elementor-column-gap-default\">\n\t\t\t\t\t<div class=\"elementor-column elementor-col-100 elementor-inner-column elementor-element elementor-element-7af9c1ba\" data-id=\"7af9c1ba\" data-element_type=\"column\" data-settings=\"{&quot;background_background&quot;:&quot;classic&quot;}\">\n\t\t\t<div class=\"elementor-widget-wrap elementor-element-populated\">\n\t\t\t\t\t\t<div class=\"elementor-element elementor-element-6fef9d20 elementor-widget elementor-widget-heading\" data-id=\"6fef9d20\" data-element_type=\"widget\" data-widget_type=\"heading.default\">\n\t\t\t\t<div class=\"elementor-widget-container\">\n\t\t\t\t\t<h3 class=\"elementor-heading-title elementor-size-default\">D\u00e9couvrez o\u00f9 va s\u00e9journer votre enfant :<\/h3>\t\t\t\t<\/div>\n\t\t\t\t<\/div>\n\t\t\t\t<div class=\"elementor-element elementor-element-3e36f446 elementor--h-position-center elementor--v-position-middle elementor-arrows-position-inside elementor-pagination-position-inside elementor-widget elementor-widget-slides\" data-id=\"3e36f446\" data-element_type=\"widget\" data-settings=\"{&quot;navigation&quot;:&quot;both&quot;,&quot;autoplay&quot;:&quot;yes&quot;,&quot;pause_on_hover&quot;:&quot;yes&quot;,&quot;pause_on_interaction&quot;:&quot;yes&quot;,&quot;autoplay_speed&quot;:5000,&quot;infinite&quot;:&quot;yes&quot;,&quot;transition&quot;:&quot;slide&quot;,&quot;transition_speed&quot;:500}\" data-widget_type=\"slides.default\">\n\t\t\t\t<div class=\"elementor-widget-container\">\n\t\t\t\t\t\t\t\t\t<div class=\"elementor-swiper\">\n\t\t\t\t\t<div class=\"elementor-slides-wrapper elementor-main-swiper swiper\" role=\"region\" aria-roledescription=\"carousel\" aria-label=\"Diapositives\" dir=\"ltr\" data-animation=\"fadeInUp\">\n\t\t\t\t<div class=\"swiper-wrapper elementor-slides\">\n\t\t\t\t\t\t\t\t\t\t<div class=\"elementor-repeater-item-f51133d swiper-slide\" role=\"group\" aria-roledescription=\"slide\"><div class=\"swiper-slide-bg\" role=\"img\"><\/div><div class=\"swiper-slide-inner\" ><div class=\"swiper-slide-contents\"><\/div><\/div><\/div><div class=\"elementor-repeater-item-6accee5 swiper-slide\" role=\"group\" aria-roledescription=\"slide\"><div class=\"swiper-slide-bg\" role=\"img\"><\/div><div class=\"swiper-slide-inner\" ><div class=\"swiper-slide-contents\"><\/div><\/div><\/div><div class=\"elementor-repeater-item-9e58fbc swiper-slide\" role=\"group\" aria-roledescription=\"slide\"><div class=\"swiper-slide-bg\" role=\"img\"><\/div><div class=\"swiper-slide-inner\" ><div class=\"swiper-slide-contents\"><\/div><\/div><\/div><div class=\"elementor-repeater-item-7216fa3 swiper-slide\" role=\"group\" aria-roledescription=\"slide\"><div class=\"swiper-slide-bg\" role=\"img\"><\/div><div class=\"swiper-slide-inner\" ><div class=\"swiper-slide-contents\"><\/div><\/div><\/div><div class=\"elementor-repeater-item-a68c043 swiper-slide\" role=\"group\" aria-roledescription=\"slide\"><div class=\"swiper-slide-bg\" role=\"img\"><\/div><div class=\"swiper-slide-inner\" ><div class=\"swiper-slide-contents\"><\/div><\/div><\/div><div class=\"elementor-repeater-item-57e4ecc swiper-slide\" role=\"group\" aria-roledescription=\"slide\"><div class=\"swiper-slide-bg\" role=\"img\"><\/div><div class=\"swiper-slide-inner\" ><div class=\"swiper-slide-contents\"><\/div><\/div><\/div><div class=\"elementor-repeater-item-0ba189a swiper-slide\" role=\"group\" aria-roledescription=\"slide\"><div class=\"swiper-slide-bg\" role=\"img\"><\/div><div class=\"swiper-slide-inner\" ><div class=\"swiper-slide-contents\"><\/div><\/div><\/div><div class=\"elementor-repeater-item-c61ea79 swiper-slide\" role=\"group\" aria-roledescription=\"slide\"><div class=\"swiper-slide-bg\" role=\"img\"><\/div><div class=\"swiper-slide-inner\" ><div class=\"swiper-slide-contents\"><\/div><\/div><\/div>\t\t\t\t<\/div>\n\t\t\t\t\t\t\t\t\t\t\t\t\t\t\t<div class=\"elementor-swiper-button elementor-swiper-button-prev\" role=\"button\" tabindex=\"0\" aria-label=\"Diapositive pr\u00e9c\u00e9dente\">\n\t\t\t\t\t\t\t<i aria-hidden=\"true\" class=\"eicon-chevron-left\"><\/i>\t\t\t\t\t\t<\/div>\n\t\t\t\t\t\t<div class=\"elementor-swiper-button elementor-swiper-button-next\" role=\"button\" tabindex=\"0\" aria-label=\"Diapositive suivante\">\n\t\t\t\t\t\t\t<i aria-hidden=\"true\" class=\"eicon-chevron-right\"><\/i>\t\t\t\t\t\t<\/div>\n\t\t\t\t\t\t\t\t\t\t\t\t\t\t\t\t<div class=\"swiper-pagination\"><\/div>\n\t\t\t\t\t\t\t\t\t\t\t\t<\/div>\n\t\t\t\t<\/div>\n\t\t\t\t\t\t\t\t<\/div>\n\t\t\t\t<\/div>\n\t\t\t\t\t<\/div>\n\t\t<\/div>\n\t\t\t\t\t<\/div>\n\t\t<\/section>\n\t\t\t\t\t<\/div>\n\t\t<\/div>\n\t\t\t\t\t<\/div>\n\t\t<\/section>\n\t\t\t\t<section class=\"elementor-section elementor-top-section elementor-element elementor-element-903fd79 elementor-section-stretched elementor-section-boxed elementor-section-height-default elementor-section-height-default\" data-id=\"903fd79\" data-element_type=\"section\" data-settings=\"{&quot;stretch_section&quot;:&quot;section-stretched&quot;,&quot;background_background&quot;:&quot;classic&quot;}\">\n\t\t\t\t\t\t<div class=\"elementor-container elementor-column-gap-default\">\n\t\t\t\t\t<div class=\"elementor-column elementor-col-50 elementor-top-column elementor-element elementor-element-62abf5cd\" data-id=\"62abf5cd\" data-element_type=\"column\">\n\t\t\t<div class=\"elementor-widget-wrap elementor-element-populated\">\n\t\t\t\t\t\t<div class=\"elementor-element elementor-element-57b700e5 elementor-widget elementor-widget-heading\" data-id=\"57b700e5\" data-element_type=\"widget\" data-widget_type=\"heading.default\">\n\t\t\t\t<div class=\"elementor-widget-container\">\n\t\t\t\t\t<h3 class=\"elementor-heading-title elementor-size-default\">Vous souhaitez inscrire votre enfant<br>\u00e0 une autre p\u00e9riode de vacances cet \u00e9t\u00e9 ?<\/h3>\t\t\t\t<\/div>\n\t\t\t\t<\/div>\n\t\t\t\t\t<\/div>\n\t\t<\/div>\n\t\t\t\t<div class=\"elementor-column elementor-col-50 elementor-top-column elementor-element elementor-element-6bb74906\" data-id=\"6bb74906\" data-element_type=\"column\">\n\t\t\t<div class=\"elementor-widget-wrap elementor-element-populated\">\n\t\t\t\t\t\t<div class=\"elementor-element elementor-element-57652f80 elementor-align-left elementor-mobile-align-left elementor-widget__width-initial elementor-widget elementor-widget-button\" data-id=\"57652f80\" data-element_type=\"widget\" data-widget_type=\"button.default\">\n\t\t\t\t<div class=\"elementor-widget-container\">\n\t\t\t\t\t\t\t\t\t<div class=\"elementor-button-wrapper\">\n\t\t\t\t\t<a class=\"elementor-button elementor-button-link elementor-size-sm\" href=\"https:\/\/www.lespetitesfamilles.fr\/espace-famille\/reserver-vacances\/\">\n\t\t\t\t\t\t<span class=\"elementor-button-content-wrapper\">\n\t\t\t\t\t\t<span class=\"elementor-button-icon\">\n\t\t\t\t<i aria-hidden=\"true\" class=\"fas fa-chevron-right\"><\/i>\t\t\t<\/span>\n\t\t\t\t\t\t\t\t\t<span class=\"elementor-button-text\">R\u00e9servez d'autres dates<\/span>\n\t\t\t\t\t<\/span>\n\t\t\t\t\t<\/a>\n\t\t\t\t<\/div>\n\t\t\t\t\t\t\t\t<\/div>\n\t\t\t\t<\/div>\n\t\t\t\t\t<\/div>\n\t\t<\/div>\n\t\t\t\t\t<\/div>\n\t\t<\/section>\n\t\t\t\t<section class=\"elementor-section elementor-top-section elementor-element elementor-element-69dfba75 elementor-section-full_width elementor-section-stretched elementor-section-height-default elementor-section-height-default\" data-id=\"69dfba75\" data-element_type=\"section\" id=\"bloc4\" data-settings=\"{&quot;stretch_section&quot;:&quot;section-stretched&quot;,&quot;background_background&quot;:&quot;classic&quot;}\">\n\t\t\t\t\t\t<div class=\"elementor-container elementor-column-gap-default\">\n\t\t\t\t\t<div class=\"elementor-column elementor-col-100 elementor-top-column elementor-element elementor-element-31bcbd1f\" data-id=\"31bcbd1f\" data-element_type=\"column\">\n\t\t\t<div class=\"elementor-widget-wrap elementor-element-populated\">\n\t\t\t\t\t\t<section class=\"elementor-section elementor-inner-section elementor-element elementor-element-742f64e2 elementor-section-boxed elementor-section-height-default elementor-section-height-default\" data-id=\"742f64e2\" data-element_type=\"section\" data-settings=\"{&quot;background_background&quot;:&quot;classic&quot;}\">\n\t\t\t\t\t\t<div class=\"elementor-container elementor-column-gap-default\">\n\t\t\t\t\t<div class=\"elementor-column elementor-col-100 elementor-inner-column elementor-element elementor-element-7fda939d\" data-id=\"7fda939d\" data-element_type=\"column\" data-settings=\"{&quot;background_background&quot;:&quot;classic&quot;}\">\n\t\t\t<div class=\"elementor-widget-wrap elementor-element-populated\">\n\t\t\t\t\t\t<div class=\"elementor-element elementor-element-59db6f6a elementor-widget elementor-widget-heading\" data-id=\"59db6f6a\" data-element_type=\"widget\" data-widget_type=\"heading.default\">\n\t\t\t\t<div class=\"elementor-widget-container\">\n\t\t\t\t\t<h2 class=\"elementor-heading-title elementor-size-default\">R\u00e9server le s\u00e9jour de votre enfant<\/h2>\t\t\t\t<\/div>\n\t\t\t\t<\/div>\n\t\t\t\t<div class=\"elementor-element elementor-element-52efe460 elementor-widget elementor-widget-image\" data-id=\"52efe460\" data-element_type=\"widget\" data-widget_type=\"image.default\">\n\t\t\t\t<div class=\"elementor-widget-container\">\n\t\t\t\t\t\t\t\t\t\t\t\t\t\t\t<img decoding=\"async\" width=\"418\" height=\"78\" src=\"https:\/\/www.lespetitesfamilles.fr\/lyon6\/wp-content\/uploads\/sites\/5\/2026\/04\/trait-vert.png\" class=\"attachment-large size-large wp-image-115640\" alt=\"\" srcset=\"https:\/\/www.lespetitesfamilles.fr\/lyon6\/wp-content\/uploads\/sites\/5\/2026\/04\/trait-vert.png 418w, https:\/\/www.lespetitesfamilles.fr\/lyon6\/wp-content\/uploads\/sites\/5\/2026\/04\/trait-vert-300x56.png 300w, https:\/\/www.lespetitesfamilles.fr\/lyon6\/wp-content\/uploads\/sites\/5\/2026\/04\/trait-vert-350x65.png 350w\" sizes=\"(max-width: 418px) 100vw, 418px\" \/>\t\t\t\t\t\t\t\t\t\t\t\t\t\t\t<\/div>\n\t\t\t\t<\/div>\n\t\t\t\t<div class=\"elementor-element elementor-element-14335f8a elementor-widget elementor-widget-text-editor\" data-id=\"14335f8a\" data-element_type=\"widget\" data-widget_type=\"text-editor.default\">\n\t\t\t\t<div class=\"elementor-widget-container\">\n\t\t\t\t\t\t\t\t\t<p data-start=\"4813\" data-end=\"5068\">La Colo des Aventuriers a \u00e9t\u00e9 pens\u00e9e pour \u00eatre simple et confortable pour les familles. Le s\u00e9jour comprend : l&#8217;h\u00e9bergement, les activit\u00e9s, l\u2019ensemble des repas (petit-d\u00e9jeuner, d\u00e9jeuner, go\u00fbter et d\u00eener), ainsi que les transports.<\/p>\t\t\t\t\t\t\t\t<\/div>\n\t\t\t\t<\/div>\n\t\t\t\t\t<\/div>\n\t\t<\/div>\n\t\t\t\t\t<\/div>\n\t\t<\/section>\n\t\t\t\t<div class=\"elementor-element elementor-element-e814b6c elementor-widget elementor-widget-spacer\" data-id=\"e814b6c\" data-element_type=\"widget\" data-widget_type=\"spacer.default\">\n\t\t\t\t<div class=\"elementor-widget-container\">\n\t\t\t\t\t\t\t<div class=\"elementor-spacer\">\n\t\t\t<div class=\"elementor-spacer-inner\"><\/div>\n\t\t<\/div>\n\t\t\t\t\t\t<\/div>\n\t\t\t\t<\/div>\n\t\t\t\t<div class=\"elementor-element elementor-element-3c377330 elementor-widget elementor-widget-shortcode\" data-id=\"3c377330\" data-element_type=\"widget\" data-widget_type=\"shortcode.default\">\n\t\t\t\t<div class=\"elementor-widget-container\">\n\t\t\t\t\t\t\t<div class=\"elementor-shortcode\"><div class=\"woocommerce\"><\/div><\/div>\n\t\t\t\t\t\t<\/div>\n\t\t\t\t<\/div>\n\t\t\t\t\t<\/div>\n\t\t<\/div>\n\t\t\t\t\t<\/div>\n\t\t<\/section>\n\t\t\t\t<section class=\"elementor-section elementor-top-section elementor-element elementor-element-7304889a elementor-section-full_width elementor-section-stretched elementor-section-height-default elementor-section-height-default\" data-id=\"7304889a\" data-element_type=\"section\" data-settings=\"{&quot;stretch_section&quot;:&quot;section-stretched&quot;,&quot;background_background&quot;:&quot;classic&quot;}\">\n\t\t\t\t\t\t<div class=\"elementor-container elementor-column-gap-default\">\n\t\t\t\t\t<div class=\"elementor-column elementor-col-100 elementor-top-column elementor-element elementor-element-599013c4\" data-id=\"599013c4\" data-element_type=\"column\">\n\t\t\t<div class=\"elementor-widget-wrap elementor-element-populated\">\n\t\t\t\t\t\t<div class=\"elementor-element elementor-element-1dd079a3 elementor-widget elementor-widget-heading\" data-id=\"1dd079a3\" data-element_type=\"widget\" data-widget_type=\"heading.default\">\n\t\t\t\t<div class=\"elementor-widget-container\">\n\t\t\t\t\t<h2 class=\"elementor-heading-title elementor-size-default\">Tarifs<\/h2>\t\t\t\t<\/div>\n\t\t\t\t<\/div>\n\t\t\t\t<div class=\"elementor-element elementor-element-3972c80d elementor-widget elementor-widget-image\" data-id=\"3972c80d\" data-element_type=\"widget\" data-widget_type=\"image.default\">\n\t\t\t\t<div class=\"elementor-widget-container\">\n\t\t\t\t\t\t\t\t\t\t\t\t\t\t\t<img loading=\"lazy\" decoding=\"async\" width=\"418\" height=\"78\" src=\"https:\/\/www.lespetitesfamilles.fr\/lyon6\/wp-content\/uploads\/sites\/5\/2026\/04\/trait-bleu.png\" class=\"attachment-large size-large wp-image-115653\" alt=\"\" srcset=\"https:\/\/www.lespetitesfamilles.fr\/lyon6\/wp-content\/uploads\/sites\/5\/2026\/04\/trait-bleu.png 418w, https:\/\/www.lespetitesfamilles.fr\/lyon6\/wp-content\/uploads\/sites\/5\/2026\/04\/trait-bleu-300x56.png 300w, https:\/\/www.lespetitesfamilles.fr\/lyon6\/wp-content\/uploads\/sites\/5\/2026\/04\/trait-bleu-350x65.png 350w\" sizes=\"(max-width: 418px) 100vw, 418px\" \/>\t\t\t\t\t\t\t\t\t\t\t\t\t\t\t<\/div>\n\t\t\t\t<\/div>\n\t\t\t\t\t<\/div>\n\t\t<\/div>\n\t\t\t\t\t<\/div>\n\t\t<\/section>\n\t\t\t\t<section class=\"elementor-section elementor-top-section elementor-element elementor-element-58c6ba11 elementor-section-full_width elementor-section-stretched elementor-section-height-default elementor-section-height-default\" data-id=\"58c6ba11\" data-element_type=\"section\" data-settings=\"{&quot;stretch_section&quot;:&quot;section-stretched&quot;,&quot;background_background&quot;:&quot;classic&quot;}\">\n\t\t\t\t\t\t<div class=\"elementor-container elementor-column-gap-default\">\n\t\t\t\t\t<div class=\"elementor-column elementor-col-100 elementor-top-column elementor-element elementor-element-3d764512\" data-id=\"3d764512\" data-element_type=\"column\">\n\t\t\t<div class=\"elementor-widget-wrap elementor-element-populated\">\n\t\t\t\t\t\t<section class=\"elementor-section elementor-inner-section elementor-element elementor-element-23d3fbc7 elementor-section-boxed elementor-section-height-default elementor-section-height-default\" data-id=\"23d3fbc7\" data-element_type=\"section\">\n\t\t\t\t\t\t<div class=\"elementor-container elementor-column-gap-default\">\n\t\t\t\t\t<div class=\"elementor-column elementor-col-100 elementor-inner-column elementor-element elementor-element-35621fe3\" data-id=\"35621fe3\" data-element_type=\"column\">\n\t\t\t<div class=\"elementor-widget-wrap elementor-element-populated\">\n\t\t\t\t\t\t<div class=\"elementor-element elementor-element-4e14a380 elementor-widget elementor-widget-text-editor\" data-id=\"4e14a380\" data-element_type=\"widget\" data-widget_type=\"text-editor.default\">\n\t\t\t\t<div class=\"elementor-widget-container\">\n\t\t\t\t\t\t\t\t\t<p data-start=\"5736\" data-end=\"5931\">La colo des aventuriers se d\u00e9roule du 15 au 17 juillet 2026, au format 3 jours \/ 2 nuits.<\/p><p data-start=\"5736\" data-end=\"5931\">Le tarif comprend :\u00a0<\/p><ul><li data-section-id=\"1247f2d\" data-start=\"5086\" data-end=\"5108\"><strong>Transport (aller et retour)<\/strong><\/li><li data-section-id=\"eith5v\" data-start=\"5109\" data-end=\"5136\">H\u00e9bergement sur place (draps fournis, mais pas la serviette de toilette)<\/li><li data-section-id=\"188px8l\" data-start=\"5137\" data-end=\"5191\">Petit-d\u00e9jeuner, d\u00e9jeuner, go\u00fbter et d\u00eener inclus (1er pique-nique \u00e0 fournir)<\/li><li data-section-id=\"1f08zz3\" data-start=\"5192\" data-end=\"5249\">Encadrement par les \u00e9quipes Les Petites Familles<\/li><li data-section-id=\"rb78f5\" data-start=\"5250\" data-end=\"5311\">Une exp\u00e9rience 100 % pens\u00e9e pour les GS et \u00e9l\u00e9mentaires<\/li><\/ul>\t\t\t\t\t\t\t\t<\/div>\n\t\t\t\t<\/div>\n\t\t\t\t\t<\/div>\n\t\t<\/div>\n\t\t\t\t\t<\/div>\n\t\t<\/section>\n\t\t\t\t<section class=\"elementor-section elementor-inner-section elementor-element elementor-element-6b8e5e48 elementor-section-boxed elementor-section-height-default elementor-section-height-default\" data-id=\"6b8e5e48\" data-element_type=\"section\">\n\t\t\t\t\t\t<div class=\"elementor-container elementor-column-gap-default\">\n\t\t\t\t\t<div class=\"elementor-column elementor-col-100 elementor-inner-column elementor-element elementor-element-2561cbf1\" data-id=\"2561cbf1\" data-element_type=\"column\">\n\t\t\t<div class=\"elementor-widget-wrap elementor-element-populated\">\n\t\t\t\t\t\t<div class=\"elementor-element elementor-element-10321a2e elementor-widget__width-initial elementor-widget elementor-widget-image\" data-id=\"10321a2e\" data-element_type=\"widget\" data-widget_type=\"image.default\">\n\t\t\t\t<div class=\"elementor-widget-container\">\n\t\t\t\t\t\t\t\t\t\t\t\t\t\t\t<img decoding=\"async\" src=\"https:\/\/www.lespetitesfamilles.fr\/wp-content\/uploads\/2026\/04\/Tarifs-colo-non-membres.png\" title=\"\" alt=\"\" loading=\"lazy\" \/>\t\t\t\t\t\t\t\t\t\t\t\t\t\t\t<\/div>\n\t\t\t\t<\/div>\n\t\t\t\t\t<\/div>\n\t\t<\/div>\n\t\t\t\t\t<\/div>\n\t\t<\/section>\n\t\t\t\t\t<\/div>\n\t\t<\/div>\n\t\t\t\t\t<\/div>\n\t\t<\/section>\n\t\t\t\t<\/div>\n\t\t","protected":false},"excerpt":{"rendered":"<p>La Colo des Aventuriers 3 jours, 2 nuits pour vivre sa premi\u00e8re colonie de vacances en toute confiance. Du 15 [&hellip;]<\/p>\n","protected":false},"author":5,"featured_media":0,"parent":0,"menu_order":0,"comment_status":"closed","ping_status":"closed","template":"","meta":{"_acf_changed":false,"footnotes":""},"class_list":["post-115674","page","type-page","status-publish","hentry"],"acf":[],"yoast_head":"<!-- This site is optimized with the Yoast SEO plugin v27.4 - https:\/\/yoast.com\/product\/yoast-seo-wordpress\/ -->\n<title>La Colo des Aventuriers - Public - Lyon 6 - Les Petites Familles<\/title>\n<meta name=\"robots\" content=\"index, follow, max-snippet:-1, max-image-preview:large, max-video-preview:-1\" \/>\n<link rel=\"canonical\" href=\"https:\/\/www.lespetitesfamilles.fr\/lyon6\/la-colo-des-aventuriers-public\/\" \/>\n<meta property=\"og:locale\" content=\"fr_FR\" \/>\n<meta property=\"og:type\" content=\"article\" \/>\n<meta property=\"og:title\" content=\"La Colo des Aventuriers - Public - Lyon 6 - Les Petites Familles\" \/>\n<meta property=\"og:description\" content=\"La Colo des Aventuriers 3 jours, 2 nuits pour vivre sa premi\u00e8re colonie de vacances en toute confiance. Du 15 [&hellip;]\" \/>\n<meta property=\"og:url\" content=\"https:\/\/www.lespetitesfamilles.fr\/lyon6\/la-colo-des-aventuriers-public\/\" \/>\n<meta property=\"og:site_name\" content=\"Lyon 6 - Les Petites Familles\" \/>\n<meta property=\"article:modified_time\" content=\"2026-04-27T13:45:02+00:00\" \/>\n<meta property=\"og:image\" content=\"https:\/\/www.lespetitesfamilles.fr\/lyon6\/wp-content\/uploads\/sites\/5\/2026\/04\/LPF-Photo-Colo.jpg\" \/>\n\t<meta property=\"og:image:width\" content=\"1080\" \/>\n\t<meta property=\"og:image:height\" content=\"1350\" \/>\n\t<meta property=\"og:image:type\" content=\"image\/jpeg\" \/>\n<meta name=\"twitter:card\" content=\"summary_large_image\" \/>\n<meta name=\"twitter:label1\" content=\"Dur\u00e9e de lecture estim\u00e9e\" \/>\n\t<meta name=\"twitter:data1\" content=\"4 minutes\" \/>\n<script type=\"application\/ld+json\" class=\"yoast-schema-graph\">{\"@context\":\"https:\\\/\\\/schema.org\",\"@graph\":[{\"@type\":\"WebPage\",\"@id\":\"https:\\\/\\\/www.lespetitesfamilles.fr\\\/lyon6\\\/la-colo-des-aventuriers-public\\\/\",\"url\":\"https:\\\/\\\/www.lespetitesfamilles.fr\\\/lyon6\\\/la-colo-des-aventuriers-public\\\/\",\"name\":\"La Colo des Aventuriers - Public - Lyon 6 - Les Petites Familles\",\"isPartOf\":{\"@id\":\"https:\\\/\\\/www.lespetitesfamilles.fr\\\/lyon6\\\/#website\"},\"primaryImageOfPage\":{\"@id\":\"https:\\\/\\\/www.lespetitesfamilles.fr\\\/lyon6\\\/la-colo-des-aventuriers-public\\\/#primaryimage\"},\"image\":{\"@id\":\"https:\\\/\\\/www.lespetitesfamilles.fr\\\/lyon6\\\/la-colo-des-aventuriers-public\\\/#primaryimage\"},\"thumbnailUrl\":\"https:\\\/\\\/www.lespetitesfamilles.fr\\\/lyon6\\\/wp-content\\\/uploads\\\/sites\\\/5\\\/2026\\\/04\\\/LPF-Photo-Colo-819x1024.jpg\",\"datePublished\":\"2026-04-27T12:57:44+00:00\",\"dateModified\":\"2026-04-27T13:45:02+00:00\",\"breadcrumb\":{\"@id\":\"https:\\\/\\\/www.lespetitesfamilles.fr\\\/lyon6\\\/la-colo-des-aventuriers-public\\\/#breadcrumb\"},\"inLanguage\":\"fr-FR\",\"potentialAction\":[{\"@type\":\"ReadAction\",\"target\":[\"https:\\\/\\\/www.lespetitesfamilles.fr\\\/lyon6\\\/la-colo-des-aventuriers-public\\\/\"]}]},{\"@type\":\"ImageObject\",\"inLanguage\":\"fr-FR\",\"@id\":\"https:\\\/\\\/www.lespetitesfamilles.fr\\\/lyon6\\\/la-colo-des-aventuriers-public\\\/#primaryimage\",\"url\":\"https:\\\/\\\/www.lespetitesfamilles.fr\\\/lyon6\\\/wp-content\\\/uploads\\\/sites\\\/5\\\/2026\\\/04\\\/LPF-Photo-Colo.jpg\",\"contentUrl\":\"https:\\\/\\\/www.lespetitesfamilles.fr\\\/lyon6\\\/wp-content\\\/uploads\\\/sites\\\/5\\\/2026\\\/04\\\/LPF-Photo-Colo.jpg\",\"width\":1080,\"height\":1350},{\"@type\":\"BreadcrumbList\",\"@id\":\"https:\\\/\\\/www.lespetitesfamilles.fr\\\/lyon6\\\/la-colo-des-aventuriers-public\\\/#breadcrumb\",\"itemListElement\":[{\"@type\":\"ListItem\",\"position\":1,\"name\":\"Accueil\",\"item\":\"https:\\\/\\\/www.lespetitesfamilles.fr\\\/lyon6\\\/\"},{\"@type\":\"ListItem\",\"position\":2,\"name\":\"La Colo des Aventuriers &#8211; Public\"}]},{\"@type\":\"WebSite\",\"@id\":\"https:\\\/\\\/www.lespetitesfamilles.fr\\\/lyon6\\\/#website\",\"url\":\"https:\\\/\\\/www.lespetitesfamilles.fr\\\/lyon6\\\/\",\"name\":\"Lyon 6 - Les Petites Familles\",\"description\":\"La nouvelle solution de garde et d&#039;\u00e9veil\",\"potentialAction\":[{\"@type\":\"SearchAction\",\"target\":{\"@type\":\"EntryPoint\",\"urlTemplate\":\"https:\\\/\\\/www.lespetitesfamilles.fr\\\/lyon6\\\/?s={search_term_string}\"},\"query-input\":{\"@type\":\"PropertyValueSpecification\",\"valueRequired\":true,\"valueName\":\"search_term_string\"}}],\"inLanguage\":\"fr-FR\"}]}<\/script>\n<!-- \/ Yoast SEO plugin. -->","yoast_head_json":{"title":"La Colo des Aventuriers - Public - Lyon 6 - Les Petites Familles","robots":{"index":"index","follow":"follow","max-snippet":"max-snippet:-1","max-image-preview":"max-image-preview:large","max-video-preview":"max-video-preview:-1"},"canonical":"https:\/\/www.lespetitesfamilles.fr\/lyon6\/la-colo-des-aventuriers-public\/","og_locale":"fr_FR","og_type":"article","og_title":"La Colo des Aventuriers - Public - Lyon 6 - Les Petites Familles","og_description":"La Colo des Aventuriers 3 jours, 2 nuits pour vivre sa premi\u00e8re colonie de vacances en toute confiance. Du 15 [&hellip;]","og_url":"https:\/\/www.lespetitesfamilles.fr\/lyon6\/la-colo-des-aventuriers-public\/","og_site_name":"Lyon 6 - Les Petites Familles","article_modified_time":"2026-04-27T13:45:02+00:00","og_image":[{"width":1080,"height":1350,"url":"https:\/\/www.lespetitesfamilles.fr\/lyon6\/wp-content\/uploads\/sites\/5\/2026\/04\/LPF-Photo-Colo.jpg","type":"image\/jpeg"}],"twitter_card":"summary_large_image","twitter_misc":{"Dur\u00e9e de lecture estim\u00e9e":"4 minutes"},"schema":{"@context":"https:\/\/schema.org","@graph":[{"@type":"WebPage","@id":"https:\/\/www.lespetitesfamilles.fr\/lyon6\/la-colo-des-aventuriers-public\/","url":"https:\/\/www.lespetitesfamilles.fr\/lyon6\/la-colo-des-aventuriers-public\/","name":"La Colo des Aventuriers - Public - Lyon 6 - Les Petites Familles","isPartOf":{"@id":"https:\/\/www.lespetitesfamilles.fr\/lyon6\/#website"},"primaryImageOfPage":{"@id":"https:\/\/www.lespetitesfamilles.fr\/lyon6\/la-colo-des-aventuriers-public\/#primaryimage"},"image":{"@id":"https:\/\/www.lespetitesfamilles.fr\/lyon6\/la-colo-des-aventuriers-public\/#primaryimage"},"thumbnailUrl":"https:\/\/www.lespetitesfamilles.fr\/lyon6\/wp-content\/uploads\/sites\/5\/2026\/04\/LPF-Photo-Colo-819x1024.jpg","datePublished":"2026-04-27T12:57:44+00:00","dateModified":"2026-04-27T13:45:02+00:00","breadcrumb":{"@id":"https:\/\/www.lespetitesfamilles.fr\/lyon6\/la-colo-des-aventuriers-public\/#breadcrumb"},"inLanguage":"fr-FR","potentialAction":[{"@type":"ReadAction","target":["https:\/\/www.lespetitesfamilles.fr\/lyon6\/la-colo-des-aventuriers-public\/"]}]},{"@type":"ImageObject","inLanguage":"fr-FR","@id":"https:\/\/www.lespetitesfamilles.fr\/lyon6\/la-colo-des-aventuriers-public\/#primaryimage","url":"https:\/\/www.lespetitesfamilles.fr\/lyon6\/wp-content\/uploads\/sites\/5\/2026\/04\/LPF-Photo-Colo.jpg","contentUrl":"https:\/\/www.lespetitesfamilles.fr\/lyon6\/wp-content\/uploads\/sites\/5\/2026\/04\/LPF-Photo-Colo.jpg","width":1080,"height":1350},{"@type":"BreadcrumbList","@id":"https:\/\/www.lespetitesfamilles.fr\/lyon6\/la-colo-des-aventuriers-public\/#breadcrumb","itemListElement":[{"@type":"ListItem","position":1,"name":"Accueil","item":"https:\/\/www.lespetitesfamilles.fr\/lyon6\/"},{"@type":"ListItem","position":2,"name":"La Colo des Aventuriers &#8211; Public"}]},{"@type":"WebSite","@id":"https:\/\/www.lespetitesfamilles.fr\/lyon6\/#website","url":"https:\/\/www.lespetitesfamilles.fr\/lyon6\/","name":"Lyon 6 - Les Petites Familles","description":"La nouvelle solution de garde et d&#039;\u00e9veil","potentialAction":[{"@type":"SearchAction","target":{"@type":"EntryPoint","urlTemplate":"https:\/\/www.lespetitesfamilles.fr\/lyon6\/?s={search_term_string}"},"query-input":{"@type":"PropertyValueSpecification","valueRequired":true,"valueName":"search_term_string"}}],"inLanguage":"fr-FR"}]}},"_links":{"self":[{"href":"https:\/\/www.lespetitesfamilles.fr\/lyon6\/wp-json\/wp\/v2\/pages\/115674","targetHints":{"allow":["GET"]}}],"collection":[{"href":"https:\/\/www.lespetitesfamilles.fr\/lyon6\/wp-json\/wp\/v2\/pages"}],"about":[{"href":"https:\/\/www.lespetitesfamilles.fr\/lyon6\/wp-json\/wp\/v2\/types\/page"}],"author":[{"embeddable":true,"href":"https:\/\/www.lespetitesfamilles.fr\/lyon6\/wp-json\/wp\/v2\/users\/5"}],"replies":[{"embeddable":true,"href":"https:\/\/www.lespetitesfamilles.fr\/lyon6\/wp-json\/wp\/v2\/comments?post=115674"}],"version-history":[{"count":11,"href":"https:\/\/www.lespetitesfamilles.fr\/lyon6\/wp-json\/wp\/v2\/pages\/115674\/revisions"}],"predecessor-version":[{"id":115699,"href":"https:\/\/www.lespetitesfamilles.fr\/lyon6\/wp-json\/wp\/v2\/pages\/115674\/revisions\/115699"}],"wp:attachment":[{"href":"https:\/\/www.lespetitesfamilles.fr\/lyon6\/wp-json\/wp\/v2\/media?parent=115674"}],"curies":[{"name":"wp","href":"https:\/\/api.w.org\/{rel}","templated":true}]}}